{"id":5109,"date":"2011-04-26T21:25:28","date_gmt":"2011-04-26T19:25:28","guid":{"rendered":"http:\/\/www.eltono.com\/?page_id=5109"},"modified":"2022-01-05T18:12:24","modified_gmt":"2022-01-05T16:12:24","slug":"zlota-73-warszawa","status":"publish","type":"page","link":"https:\/\/www.eltono.com\/es\/murals\/zlota-73-warszawa\/","title":{"rendered":"Z\u0142ota 73"},"content":{"rendered":"<p><strong>Updates 2011<\/strong><br \/>\nZ\u0142ota 73, Wola, Varsovia, Polonia<br \/>\n26 de abril &#8211; 6 de mayo 2011<\/p>\n<p>Proyecto organizado por la fundaci\u00f3n <a href=\"http:\/\/vlepvnet.bzzz.net\" target=\"_blank\" rel=\"noopener noreferrer\">Vlepvnet<\/a><\/p>\n<p>A finales de mayo de 2011 me fui un par de semanas a Varsovia para realizar dos grandes murales en las fachadas de un edificio antiguo construido antes de la segunda guerra mundial (quedaron pocos en pie ya que Varsovia fue muy castigada por los bombardeos). El proyecto era parte de Update 2011, un evento que la fundaci\u00f3n Vlepvnet organiza cada a\u00f1o y donde invita a artistas locales y extranjeros a intervenir en la ciudad. El inmueble se ubica en la calle Zlota en el barrio de Wola cerca de la estaci\u00f3n central. Gracias a la gran ayuda de los chicos de Vlepvnet, los voluntarios y el apoyo de los vecinos, conseguimos acabar los murales en s\u00f3lo siete d\u00edas.<\/p>\n<p><style type=\"text\/css\" media=\"all\">\n\/* ----------- Galeria Vertical 700 vh ngg1 ------------*\/\n#gallery-vertical-700-vh{\n\t\/\/max-width: 100%;\n\t\/\/width: 700px;\n\tbackground-color: #ffffff;\n\ttext-align: left;\n}\n#gallery-vertical-700-vh img{\n\t\/\/max-width: 100%;\n\tvertical-align: bottom;\n}\n#gallery-vertical-700-vh-comment{\n\tword-wrap: break-word;\n\t\/\/width: 700px;\n\tmargin: 0 0 17px 0;\n}\n<\/style>\n<div class=\"ngg1-galleryoverview\" id=\"ngg1-gallery-d736e04848d579afc08984be99755fe9\">\n\t\t<div id=\"ngg1-image-2377\">\n\t\t<div id=\"gallery-vertical-700-vh\">\n\t\t\t<img title=\"East facade, day 0\" alt=\"East facade, day 0\" src=\"https:\/\/www.eltono.com\/wp-content\/gallery\/warszawa-pinturas\/eltono-warszawa00.jpg\"\/>\n\t\t\t<\/div><div id=\"gallery-vertical-700-vh-comment\">East facade, day 0\t\t<\/div>\n\t<\/div>\n \t\t<div id=\"ngg1-image-2378\">\n\t\t<div id=\"gallery-vertical-700-vh\">\n\t\t\t<img title=\"Fachada oeste, d\u00eda 0\" alt=\"Fachada oeste, d\u00eda 0\" src=\"https:\/\/www.eltono.com\/wp-content\/gallery\/warszawa-pinturas\/eltono-warszawa000.jpg\"\/>\n\t\t\t<\/div><div id=\"gallery-vertical-700-vh-comment\">Fachada oeste, d\u00eda 0\t\t<\/div>\n\t<\/div>\n \t\t<div id=\"ngg1-image-2339\">\n\t\t<div id=\"gallery-vertical-700-vh\">\n\t\t\t<img title=\"Siempre innovando y utilizando la tecnolog\u00eda m\u00e1s puntera\" alt=\"Siempre innovando y utilizando la tecnolog\u00eda m\u00e1s puntera\" src=\"https:\/\/www.eltono.com\/wp-content\/gallery\/warszawa-pinturas\/eltono-warszawa11.jpg\"\/>\n\t\t\t<\/div><div id=\"gallery-vertical-700-vh-comment\">Siempre innovando y utilizando la tecnolog\u00eda m\u00e1s puntera\t\t<\/div>\n\t<\/div>\n \t\t<div id=\"ngg1-image-2341\">\n\t\t<div id=\"gallery-vertical-700-vh\">\n\t\t\t<img title=\"A prueba de viento #1\" alt=\"A prueba de viento #1\" src=\"https:\/\/www.eltono.com\/wp-content\/gallery\/warszawa-pinturas\/eltono-warszawa13.jpg\"\/>\n\t\t\t<\/div><div id=\"gallery-vertical-700-vh-comment\">A prueba de viento #1\t\t<\/div>\n\t<\/div>\n \t\t<div id=\"ngg1-image-2342\">\n\t\t<div id=\"gallery-vertical-700-vh\">\n\t\t\t<img title=\"A prueba de viento #2\" alt=\"A prueba de viento #2\" src=\"https:\/\/www.eltono.com\/wp-content\/gallery\/warszawa-pinturas\/eltono-warszawa14.jpg\"\/>\n\t\t\t<\/div><div id=\"gallery-vertical-700-vh-comment\">A prueba de viento #2\t\t<\/div>\n\t<\/div>\n \t\t<div id=\"ngg1-image-2340\">\n\t\t<div id=\"gallery-vertical-700-vh\">\n\t\t\t<img title=\"Fachada oeste al final del segundo d\u00eda\" alt=\"Fachada oeste al final del segundo d\u00eda\" src=\"https:\/\/www.eltono.com\/wp-content\/gallery\/warszawa-pinturas\/eltono-warszawa12.jpg\"\/>\n\t\t\t<\/div><div id=\"gallery-vertical-700-vh-comment\">Fachada oeste al final del segundo d\u00eda\t\t<\/div>\n\t<\/div>\n \t\t<div id=\"ngg1-image-2345\">\n\t\t<div id=\"gallery-vertical-700-vh\">\n\t\t\t<img title=\"Fachada oeste al tercer d\u00eda\" alt=\"Fachada oeste al tercer d\u00eda\" src=\"https:\/\/www.eltono.com\/wp-content\/gallery\/warszawa-pinturas\/eltono-warszawa17.jpg\"\/>\n\t\t\t<\/div><div id=\"gallery-vertical-700-vh-comment\">Fachada oeste al tercer d\u00eda\t\t<\/div>\n\t<\/div>\n \t\t<div id=\"ngg1-image-2354\">\n\t\t<div id=\"gallery-vertical-700-vh\">\n\t\t\t<img title=\" \" alt=\" \" src=\"https:\/\/www.eltono.com\/wp-content\/gallery\/warszawa-pinturas\/eltono-warszawa26.jpg\"\/>\n\t\t\t<\/div><div id=\"gallery-vertical-700-vh-comment\"> \t\t<\/div>\n\t<\/div>\n \t\t<div id=\"ngg1-image-2348\">\n\t\t<div id=\"gallery-vertical-700-vh\">\n\t\t\t<img title=\" \" alt=\" \" src=\"https:\/\/www.eltono.com\/wp-content\/gallery\/warszawa-pinturas\/eltono-warszawa20.jpg\"\/>\n\t\t\t<\/div><div id=\"gallery-vertical-700-vh-comment\"> \t\t<\/div>\n\t<\/div>\n \t\t<div id=\"ngg1-image-2344\">\n\t\t<div id=\"gallery-vertical-700-vh\">\n\t\t\t<img title=\"Fachada este al tercer d\u00eda\" alt=\"Fachada este al tercer d\u00eda\" src=\"https:\/\/www.eltono.com\/wp-content\/gallery\/warszawa-pinturas\/eltono-warszawa16.jpg\"\/>\n\t\t\t<\/div><div id=\"gallery-vertical-700-vh-comment\">Fachada este al tercer d\u00eda\t\t<\/div>\n\t<\/div>\n \t\t<div id=\"ngg1-image-2346\">\n\t\t<div id=\"gallery-vertical-700-vh\">\n\t\t\t<img title=\"Fachada este al final del tercer d\u00eda\" alt=\"Fachada este al final del tercer d\u00eda\" src=\"https:\/\/www.eltono.com\/wp-content\/gallery\/warszawa-pinturas\/eltono-warszawa18.jpg\"\/>\n\t\t\t<\/div><div id=\"gallery-vertical-700-vh-comment\">Fachada este al final del tercer d\u00eda\t\t<\/div>\n\t<\/div>\n \t\t<div id=\"ngg1-image-2350\">\n\t\t<div id=\"gallery-vertical-700-vh\">\n\t\t\t<img title=\"Fachada oeste al cuarto d\u00eda\" alt=\"Fachada oeste al cuarto d\u00eda\" src=\"https:\/\/www.eltono.com\/wp-content\/gallery\/warszawa-pinturas\/eltono-warszawa22.jpg\"\/>\n\t\t\t<\/div><div id=\"gallery-vertical-700-vh-comment\">Fachada oeste al cuarto d\u00eda\t\t<\/div>\n\t<\/div>\n \t\t<div id=\"ngg1-image-2347\">\n\t\t<div id=\"gallery-vertical-700-vh\">\n\t\t\t<img title=\"Fachada este al cuarto d\u00eda\" alt=\"Fachada este al cuarto d\u00eda\" src=\"https:\/\/www.eltono.com\/wp-content\/gallery\/warszawa-pinturas\/eltono-warszawa19.jpg\"\/>\n\t\t\t<\/div><div id=\"gallery-vertical-700-vh-comment\">Fachada este al cuarto d\u00eda\t\t<\/div>\n\t<\/div>\n \t\t<div id=\"ngg1-image-2351\">\n\t\t<div id=\"gallery-vertical-700-vh\">\n\t\t\t<img title=\"Fachada este al cuarto d\u00eda\" alt=\"Fachada este al cuarto d\u00eda\" src=\"https:\/\/www.eltono.com\/wp-content\/gallery\/warszawa-pinturas\/eltono-warszawa23.jpg\"\/>\n\t\t\t<\/div><div id=\"gallery-vertical-700-vh-comment\">Fachada este al cuarto d\u00eda\t\t<\/div>\n\t<\/div>\n \t\t<div id=\"ngg1-image-2352\">\n\t\t<div id=\"gallery-vertical-700-vh\">\n\t\t\t<img title=\"El Manitou &quot;Maniac-Access&quot;\" alt=\"El Manitou &quot;Maniac-Access&quot;\" src=\"https:\/\/www.eltono.com\/wp-content\/gallery\/warszawa-pinturas\/eltono-warszawa24.jpg\"\/>\n\t\t\t<\/div><div id=\"gallery-vertical-700-vh-comment\">El Manitou &quot;Maniac-Access&quot;\t\t<\/div>\n\t<\/div>\n \t\t<div id=\"ngg1-image-2353\">\n\t\t<div id=\"gallery-vertical-700-vh\">\n\t\t\t<img title=\"Fachada este al quinto d\u00eda\" alt=\"Fachada este al quinto d\u00eda\" src=\"https:\/\/www.eltono.com\/wp-content\/gallery\/warszawa-pinturas\/eltono-warszawa25.jpg\"\/>\n\t\t\t<\/div><div id=\"gallery-vertical-700-vh-comment\">Fachada este al quinto d\u00eda\t\t<\/div>\n\t<\/div>\n \t\t<div id=\"ngg1-image-2349\">\n\t\t<div id=\"gallery-vertical-700-vh\">\n\t\t\t<img title=\" \" alt=\" \" src=\"https:\/\/www.eltono.com\/wp-content\/gallery\/warszawa-pinturas\/eltono-warszawa21.jpg\"\/>\n\t\t\t<\/div><div id=\"gallery-vertical-700-vh-comment\"> \t\t<\/div>\n\t<\/div>\n \t\t<div id=\"ngg1-image-2356\">\n\t\t<div id=\"gallery-vertical-700-vh\">\n\t\t\t<img title=\"Punto m\u00e1s alto de la pintada en la fachada oeste\" alt=\"Punto m\u00e1s alto de la pintada en la fachada oeste\" src=\"https:\/\/www.eltono.com\/wp-content\/gallery\/warszawa-pinturas\/eltono-warszawa28.jpg\"\/>\n\t\t\t<\/div><div id=\"gallery-vertical-700-vh-comment\">Punto m\u00e1s alto de la pintada en la fachada oeste\t\t<\/div>\n\t<\/div>\n \t\t<div id=\"ngg1-image-2355\">\n\t\t<div id=\"gallery-vertical-700-vh\">\n\t\t\t<img title=\"Pintando la \u00faltima parte de la fachade este\" alt=\"Pintando la \u00faltima parte de la fachade este\" src=\"https:\/\/www.eltono.com\/wp-content\/gallery\/warszawa-pinturas\/eltono-warszawa27.jpg\"\/>\n\t\t\t<\/div><div id=\"gallery-vertical-700-vh-comment\">Pintando la \u00faltima parte de la fachade este\t\t<\/div>\n\t<\/div>\n \t\t<div id=\"ngg1-image-2357\">\n\t\t<div id=\"gallery-vertical-700-vh\">\n\t\t\t<img title=\"\u00a1Terminado!\" alt=\"\u00a1Terminado!\" src=\"https:\/\/www.eltono.com\/wp-content\/gallery\/warszawa-pinturas\/eltono-warszawa29.jpg\"\/>\n\t\t\t<\/div><div id=\"gallery-vertical-700-vh-comment\">\u00a1Terminado!\t\t<\/div>\n\t<\/div>\n \t\t<div id=\"ngg1-image-2380\">\n\t\t<div id=\"gallery-vertical-700-vh\">\n\t\t\t<img title=\" \" alt=\" \" src=\"https:\/\/www.eltono.com\/wp-content\/gallery\/warszawa-pinturas\/eltono-warszawa08v2.jpg\"\/>\n\t\t\t<\/div><div id=\"gallery-vertical-700-vh-comment\"> \t\t<\/div>\n\t<\/div>\n \t\t<div id=\"ngg1-image-2334\">\n\t\t<div id=\"gallery-vertical-700-vh\">\n\t\t\t<img title=\"Vista sudeste\" alt=\"Vista sudeste\" src=\"https:\/\/www.eltono.com\/wp-content\/gallery\/warszawa-pinturas\/eltono-warszawa06.jpg\"\/>\n\t\t\t<\/div><div id=\"gallery-vertical-700-vh-comment\">Vista sudeste\t\t<\/div>\n\t<\/div>\n \t\t<div id=\"ngg1-image-2476\">\n\t\t<div id=\"gallery-vertical-700-vh\">\n\t\t\t<img title=\" \" alt=\" \" src=\"https:\/\/www.eltono.com\/wp-content\/gallery\/warszawa-pinturas\/eltono-warszawa02v_0.jpg\"\/>\n\t\t\t<\/div><div id=\"gallery-vertical-700-vh-comment\"> \t\t<\/div>\n\t<\/div>\n \t\t<div id=\"ngg1-image-2331\">\n\t\t<div id=\"gallery-vertical-700-vh\">\n\t\t\t<img title=\"Vista noroeste\" alt=\"Vista noroeste\" src=\"https:\/\/www.eltono.com\/wp-content\/gallery\/warszawa-pinturas\/eltono-warszawa03.jpg\"\/>\n\t\t\t<\/div><div id=\"gallery-vertical-700-vh-comment\">Vista noroeste\t\t<\/div>\n\t<\/div>\n \t\t<div id=\"ngg1-image-2333\">\n\t\t<div id=\"gallery-vertical-700-vh\">\n\t\t\t<img title=\"Vista sudoeste\" alt=\"Vista sudoeste\" src=\"https:\/\/www.eltono.com\/wp-content\/gallery\/warszawa-pinturas\/eltono-warszawa05.jpg\"\/>\n\t\t\t<\/div><div id=\"gallery-vertical-700-vh-comment\">Vista sudoeste\t\t<\/div>\n\t<\/div>\n \t\t<div id=\"ngg1-image-2329\">\n\t\t<div id=\"gallery-vertical-700-vh\">\n\t\t\t<img title=\"La &quot;mejor herramienta&quot; despu\u00e9s de una semana de uso intensivo\" alt=\"La &quot;mejor herramienta&quot; despu\u00e9s de una semana de uso intensivo\" src=\"https:\/\/www.eltono.com\/wp-content\/gallery\/warszawa-pinturas\/eltono-warszawa01.jpg\"\/>\n\t\t\t<\/div><div id=\"gallery-vertical-700-vh-comment\">La &quot;mejor herramienta&quot; despu\u00e9s de una semana de uso intensivo\t\t<\/div>\n\t<\/div>\n \t<\/div>\n<\/p>\n<p>Al estar trabajando m\u00e1s de 10 horas al d\u00eda todos los d\u00edas durante una semana, se estableci\u00f3 una relaci\u00f3n excepcional con los vecinos que me cuidaron mucho como lo demuestran las fotos a continuaci\u00f3n&#8230;<\/p>\n<p><style type=\"text\/css\" media=\"all\">\n\/* ----------- Galeria Vertical 700 vh ngg1 ------------*\/\n#gallery-vertical-700-vh{\n\t\/\/max-width: 100%;\n\t\/\/width: 700px;\n\tbackground-color: #ffffff;\n\ttext-align: left;\n}\n#gallery-vertical-700-vh img{\n\t\/\/max-width: 100%;\n\tvertical-align: bottom;\n}\n#gallery-vertical-700-vh-comment{\n\tword-wrap: break-word;\n\t\/\/width: 700px;\n\tmargin: 0 0 17px 0;\n}\n<\/style>\n<div class=\"ngg1-galleryoverview\" id=\"ngg1-gallery-fbc94fec0f2d0ce1b28e634694b2298c\">\n\t\t<div id=\"ngg1-image-2361\">\n\t\t<div id=\"gallery-vertical-700-vh\">\n\t\t\t<img title=\"I was happy to do a little bit of construction work for a neighbor...\" alt=\"I was happy to do a little bit of construction work for a neighbor...\" src=\"https:\/\/www.eltono.com\/wp-content\/gallery\/warszawa-vecinos\/eltono-warszawa-v03.jpg\"\/>\n\t\t\t<\/div><div id=\"gallery-vertical-700-vh-comment\">I was happy to do a little bit of construction work for a neighbor...\t\t<\/div>\n\t<\/div>\n \t\t<div id=\"ngg1-image-2362\">\n\t\t<div id=\"gallery-vertical-700-vh\">\n\t\t\t<img title=\"... y por la tarde nos trajo unos pastelitos!\" alt=\"... y por la tarde nos trajo unos pastelitos!\" src=\"https:\/\/www.eltono.com\/wp-content\/gallery\/warszawa-vecinos\/eltono-warszawa-v04.jpg\"\/>\n\t\t\t<\/div><div id=\"gallery-vertical-700-vh-comment\">... y por la tarde nos trajo unos pastelitos!\t\t<\/div>\n\t<\/div>\n \t\t<div id=\"ngg1-image-2363\">\n\t\t<div id=\"gallery-vertical-700-vh\">\n\t\t\t<img title=\"Antoni me hizo un dibujo. Dijo a Marta, su madre, que representaba la pared. Me lo dedicaron y lo enmarcaron.\" alt=\"Antoni me hizo un dibujo. Dijo a Marta, su madre, que representaba la pared. Me lo dedicaron y lo enmarcaron.\" src=\"https:\/\/www.eltono.com\/wp-content\/gallery\/warszawa-vecinos\/eltono-warszawa-v05.jpg\"\/>\n\t\t\t<\/div><div id=\"gallery-vertical-700-vh-comment\">Antoni me hizo un dibujo. Dijo a Marta, su madre, que representaba la pared. Me lo dedicaron y lo enmarcaron.\t\t<\/div>\n\t<\/div>\n \t\t<div id=\"ngg1-image-2364\">\n\t\t<div id=\"gallery-vertical-700-vh\">\n\t\t\t<img title=\"El delicioso caf\u00e9 de Marta\" alt=\"El delicioso caf\u00e9 de Marta\" src=\"https:\/\/www.eltono.com\/wp-content\/gallery\/warszawa-vecinos\/eltono-warszawa-v06.jpg\"\/>\n\t\t\t<\/div><div id=\"gallery-vertical-700-vh-comment\">El delicioso caf\u00e9 de Marta\t\t<\/div>\n\t<\/div>\n \t\t<div id=\"ngg1-image-2365\">\n\t\t<div id=\"gallery-vertical-700-vh\">\n\t\t\t<img title=\"Antoni y Maciek trayendonos el picnic!\" alt=\"Antoni y Maciek trayendonos el picnic!\" src=\"https:\/\/www.eltono.com\/wp-content\/gallery\/warszawa-vecinos\/eltono-warszawa-v07.jpg\"\/>\n\t\t\t<\/div><div id=\"gallery-vertical-700-vh-comment\">Antoni y Maciek trayendonos el picnic!\t\t<\/div>\n\t<\/div>\n \t\t<div id=\"ngg1-image-2366\">\n\t\t<div id=\"gallery-vertical-700-vh\">\n\t\t\t<img title=\"Pasta fesca y limonada!\" alt=\"Pasta fesca y limonada!\" src=\"https:\/\/www.eltono.com\/wp-content\/gallery\/warszawa-vecinos\/eltono-warszawa-v08.jpg\"\/>\n\t\t\t<\/div><div id=\"gallery-vertical-700-vh-comment\">Pasta fesca y limonada!\t\t<\/div>\n\t<\/div>\n \t\t<div id=\"ngg1-image-2367\">\n\t\t<div id=\"gallery-vertical-700-vh\">\n\t\t\t<img title=\" \" alt=\" \" src=\"https:\/\/www.eltono.com\/wp-content\/gallery\/warszawa-vecinos\/eltono-warszawa-v09.jpg\"\/>\n\t\t\t<\/div><div id=\"gallery-vertical-700-vh-comment\"> \t\t<\/div>\n\t<\/div>\n \t\t<div id=\"ngg1-image-2368\">\n\t\t<div id=\"gallery-vertical-700-vh\">\n\t\t\t<img title=\"Una ma\u00f1ana, Chris y Joanna me prepararon un desayuno muy especial. Joanna me dijo que como todo los d\u00edas estaba trabajando en frente de todo el mundo, penso en darme un momentito de privacidad.\" alt=\"Una ma\u00f1ana, Chris y Joanna me prepararon un desayuno muy especial. Joanna me dijo que como todo los d\u00edas estaba trabajando en frente de todo el mundo, penso en darme un momentito de privacidad.\" src=\"https:\/\/www.eltono.com\/wp-content\/gallery\/warszawa-vecinos\/eltono-warszawa-v10.jpg\"\/>\n\t\t\t<\/div><div id=\"gallery-vertical-700-vh-comment\">Una ma\u00f1ana, Chris y Joanna me prepararon un desayuno muy especial. Joanna me dijo que como todo los d\u00edas estaba trabajando en frente de todo el mundo, penso en darme un momentito de privacidad.\t\t<\/div>\n\t<\/div>\n \t\t<div id=\"ngg1-image-2369\">\n\t\t<div id=\"gallery-vertical-700-vh\">\n\t\t\t<img title=\"Incre\u00edble!\" alt=\"Incre\u00edble!\" src=\"https:\/\/www.eltono.com\/wp-content\/gallery\/warszawa-vecinos\/eltono-warszawa-v11.jpg\"\/>\n\t\t\t<\/div><div id=\"gallery-vertical-700-vh-comment\">Incre\u00edble!\t\t<\/div>\n\t<\/div>\n \t\t<div id=\"ngg1-image-2370\">\n\t\t<div id=\"gallery-vertical-700-vh\">\n\t\t\t<img title=\"Brownie con &quot;T&quot; de Tono\" alt=\"Brownie con &quot;T&quot; de Tono\" src=\"https:\/\/www.eltono.com\/wp-content\/gallery\/warszawa-vecinos\/eltono-warszawa-v12.jpg\"\/>\n\t\t\t<\/div><div id=\"gallery-vertical-700-vh-comment\">Brownie con &quot;T&quot; de Tono\t\t<\/div>\n\t<\/div>\n \t\t<div id=\"ngg1-image-2371\">\n\t\t<div id=\"gallery-vertical-700-vh\">\n\t\t\t<img title=\"!!!\" alt=\"!!!\" src=\"https:\/\/www.eltono.com\/wp-content\/gallery\/warszawa-vecinos\/eltono-warszawa-v13.jpg\"\/>\n\t\t\t<\/div><div id=\"gallery-vertical-700-vh-comment\">!!!\t\t<\/div>\n\t<\/div>\n \t\t<div id=\"ngg1-image-2372\">\n\t\t<div id=\"gallery-vertical-700-vh\">\n\t\t\t<img title=\"Maciek, el marido de Marta, y sus increiblemente deliciosas pizzas!\" alt=\"Maciek, el marido de Marta, y sus increiblemente deliciosas pizzas!\" src=\"https:\/\/www.eltono.com\/wp-content\/gallery\/warszawa-vecinos\/eltono-warszawa-v14.jpg\"\/>\n\t\t\t<\/div><div id=\"gallery-vertical-700-vh-comment\">Maciek, el marido de Marta, y sus increiblemente deliciosas pizzas!\t\t<\/div>\n\t<\/div>\n \t\t<div id=\"ngg1-image-2373\">\n\t\t<div id=\"gallery-vertical-700-vh\">\n\t\t\t<img title=\"Goulash de Kamien\" alt=\"Goulash de Kamien\" src=\"https:\/\/www.eltono.com\/wp-content\/gallery\/warszawa-vecinos\/eltono-warszawa-v15.jpg\"\/>\n\t\t\t<\/div><div id=\"gallery-vertical-700-vh-comment\">Goulash de Kamien\t\t<\/div>\n\t<\/div>\n \t\t<div id=\"ngg1-image-2374\">\n\t\t<div id=\"gallery-vertical-700-vh\">\n\t\t\t<img title=\"26 metro m\u00e1s abajo llega el picnic!\" alt=\"26 metro m\u00e1s abajo llega el picnic!\" src=\"https:\/\/www.eltono.com\/wp-content\/gallery\/warszawa-vecinos\/eltono-warszawa-v16.jpg\"\/>\n\t\t\t<\/div><div id=\"gallery-vertical-700-vh-comment\">26 metro m\u00e1s abajo llega el picnic!\t\t<\/div>\n\t<\/div>\n \t\t<div id=\"ngg1-image-2375\">\n\t\t<div id=\"gallery-vertical-700-vh\">\n\t\t\t<img title=\"Maciek nos preparo la pizza y Joanna el postre\" alt=\"Maciek nos preparo la pizza y Joanna el postre\" src=\"https:\/\/www.eltono.com\/wp-content\/gallery\/warszawa-vecinos\/eltono-warszawa-v17.jpg\"\/>\n\t\t\t<\/div><div id=\"gallery-vertical-700-vh-comment\">Maciek nos preparo la pizza y Joanna el postre\t\t<\/div>\n\t<\/div>\n \t\t<div id=\"ngg1-image-2359\">\n\t\t<div id=\"gallery-vertical-700-vh\">\n\t\t\t<img title=\" \" alt=\" \" src=\"https:\/\/www.eltono.com\/wp-content\/gallery\/warszawa-vecinos\/eltono-warszawa-v01.jpg\"\/>\n\t\t\t<\/div><div id=\"gallery-vertical-700-vh-comment\"> \t\t<\/div>\n\t<\/div>\n \t\t<div id=\"ngg1-image-2360\">\n\t\t<div id=\"gallery-vertical-700-vh\">\n\t\t\t<img title=\"El \u00faltimo d\u00eda, picnic de inauguraci\u00f3n de los murales\" alt=\"El \u00faltimo d\u00eda, picnic de inauguraci\u00f3n de los murales\" src=\"https:\/\/www.eltono.com\/wp-content\/gallery\/warszawa-vecinos\/eltono-warszawa-v02.jpg\"\/>\n\t\t\t<\/div><div id=\"gallery-vertical-700-vh-comment\">El \u00faltimo d\u00eda, picnic de inauguraci\u00f3n de los murales\t\t<\/div>\n\t<\/div>\n \t\t<div id=\"ngg1-image-2376\">\n\t\t<div id=\"gallery-vertical-700-vh\">\n\t\t\t<img title=\"Cocktail tropical que me preparo Joanna!!!\" alt=\"Cocktail tropical que me preparo Joanna!!!\" src=\"https:\/\/www.eltono.com\/wp-content\/gallery\/warszawa-vecinos\/eltono-warszawa-v18.jpg\"\/>\n\t\t\t<\/div><div id=\"gallery-vertical-700-vh-comment\">Cocktail tropical que me preparo Joanna!!!\t\t<\/div>\n\t<\/div>\n \t<\/div>\n<\/p>\n<p>Muchas gracias a todos los chicos de Vlepvnet, a los vecinos del edificio (en particular a Antoni, Marta y Maciek y Joanna y Chris por cuidarme tanto) y tambi\u00e9n muchas gracias a todos los voluntarios que nos ayudaron a pintar.<\/p>\n<p>Dzi\u0119kuj\u0119!!!<\/p>","protected":false},"excerpt":{"rendered":"<p>Updates 2011 Z\u0142ota 73, Wola, Varsovia, Polonia 26 de abril &#8211; 6 de mayo 2011 Proyecto organizado por la fundaci\u00f3n Vlepvnet A finales de mayo de 2011 me fui un par de semanas a Varsovia para realizar dos grandes murales en las fachadas de un edificio antiguo construido antes de la segunda guerra mundial (quedaron &hellip; <a href=\"https:\/\/www.eltono.com\/es\/murals\/zlota-73-warszawa\/\" class=\"more-link\">Continue reading <span class=\"screen-reader-text\">Z\u0142ota 73<\/span><\/a><\/p>\n","protected":false},"author":1,"featured_media":13246,"parent":13155,"menu_order":0,"comment_status":"closed","ping_status":"closed","template":"","meta":{"ngg_post_thumbnail":0,"jetpack_post_was_ever_published":false,"footnotes":""},"categories":[291,349,112,260,266],"tags":[],"class_list":["post-5109","page","type-page","status-publish","has-post-thumbnail","hentry","category-291","category-csb","category-mural","category-page_mural","category-page_outdoor"],"jetpack_sharing_enabled":true,"jetpack_shortlink":"https:\/\/wp.me\/P7sWFx-1kp","_links":{"self":[{"href":"https:\/\/www.eltono.com\/es\/wp-json\/wp\/v2\/pages\/5109","targetHints":{"allow":["GET"]}}],"collection":[{"href":"https:\/\/www.eltono.com\/es\/wp-json\/wp\/v2\/pages"}],"about":[{"href":"https:\/\/www.eltono.com\/es\/wp-json\/wp\/v2\/types\/page"}],"author":[{"embeddable":true,"href":"https:\/\/www.eltono.com\/es\/wp-json\/wp\/v2\/users\/1"}],"replies":[{"embeddable":true,"href":"https:\/\/www.eltono.com\/es\/wp-json\/wp\/v2\/comments?post=5109"}],"version-history":[{"count":14,"href":"https:\/\/www.eltono.com\/es\/wp-json\/wp\/v2\/pages\/5109\/revisions"}],"predecessor-version":[{"id":22216,"href":"https:\/\/www.eltono.com\/es\/wp-json\/wp\/v2\/pages\/5109\/revisions\/22216"}],"up":[{"embeddable":true,"href":"https:\/\/www.eltono.com\/es\/wp-json\/wp\/v2\/pages\/13155"}],"wp:featuredmedia":[{"embeddable":true,"href":"https:\/\/www.eltono.com\/es\/wp-json\/wp\/v2\/media\/13246"}],"wp:attachment":[{"href":"https:\/\/www.eltono.com\/es\/wp-json\/wp\/v2\/media?parent=5109"}],"wp:term":[{"taxonomy":"category","embeddable":true,"href":"https:\/\/www.eltono.com\/es\/wp-json\/wp\/v2\/categories?post=5109"},{"taxonomy":"post_tag","embeddable":true,"href":"https:\/\/www.eltono.com\/es\/wp-json\/wp\/v2\/tags?post=5109"}],"curies":[{"name":"wp","href":"https:\/\/api.w.org\/{rel}","templated":true}]}}