{"id":18789,"date":"2018-04-26T12:41:39","date_gmt":"2018-04-26T10:41:39","guid":{"rendered":"http:\/\/www.eltono.com\/?page_id=18789"},"modified":"2020-11-15T20:31:38","modified_gmt":"2020-11-15T18:31:38","slug":"palma-festival","status":"publish","type":"page","link":"https:\/\/www.eltono.com\/fr\/exhibitions\/solo\/palma-festival\/","title":{"rendered":"R\u00e9sidence Palma"},"content":{"rendered":"<p><strong>Festival Palma<\/strong><br \/>\nLe Pavillon, Caen, France<br \/>\nMars 2018<\/p>\n<p><a href=\"http:\/\/palmafestival.com\/\" target=\"_blank\" rel=\"noopener noreferrer\">www.palmafestival.com<\/a><\/p>\n<p>R\u00e9sidence de 15 jours au Pavillon sur la pointe de la presqu&#8217;\u00eele de Caen.<\/p>\n<h3><strong><em>Tourbillons <\/em><\/strong>:<\/h3>\n<p>Un jour, en traversant le barrage de l&#8217;Orne (un pont barrage construit en 1908 qui sert \u00e0 r\u00e9guler la mar\u00e9e), j&#8217;ai r\u00e9alis\u00e9 que devant chaque porte, du c\u00f4t\u00e9 aval, l&#8217;eau formait de tr\u00e8s puissants tourbillons. Quand je suis retourn\u00e9 sur le barrage le jour suivant, j&#8217;ai remarqu\u00e9 que les d\u00e9bris qui flottaient la veille \u00e9taient toujours en train de tourner au m\u00eame endroit. J&#8217;ai compris que les tourbillons \u00e9taient si puissants que les objets pris dedans n&#8217;avaient que tr\u00e8s peu de chance de s&#8217;\u00e9chapper. J&#8217;ai donc eu l&#8217;id\u00e9e d&#8217;y jeter des \u0153uvres et d&#8217;observer ce qui allait se passer. Apr\u00e8s 5 jours j&#8217;ai d\u00e9cid\u00e9 de les r\u00e9cup\u00e9rer et, non sans difficult\u00e9s, j&#8217;ai r\u00e9ussi \u00e0 les rep\u00eacher et \u00e0 les rapporter \u00e0 l&#8217;espace d&#8217;exposition.<\/p>\n<p><iframe loading=\"lazy\" src=\"https:\/\/www.youtube.com\/embed\/NUu4t11MVJ4?rel=0\" allowfullscreen=\"allowfullscreen\" width=\"700\" height=\"394\" frameborder=\"0\"><\/iframe><\/p>\nngg_shortcode_0_placeholder\n<h3><em><strong>Parcours al\u00e9atoires<\/strong><\/em> :<\/h3>\n<p>Le Pavillon, lieu de ma r\u00e9sidence et d\u2019exposition de ses r\u00e9sultats, est situ\u00e9 au c\u0153ur de la Pointe de la presqu&#8217;\u00eele de Caen. C&#8217;est un territoire particuli\u00e8rement int\u00e9ressant, il est entour\u00e9 d&#8217;eau (par le bassin St. Pierre, le canal de Caen \u00e0 la mer, l&#8217;Orne et le canal Victor Hugo) et est en pleine transformation, alternant constructions modernes, vielles usines, b\u00e2timents abandonn\u00e9s, espaces verts planifi\u00e9s et terrains vagues. Un espace d\u00e9gag\u00e9, bien d\u00e9fini et propice \u00e0 la d\u00e9ambulation al\u00e9atoire.<\/p>\n<p>Pour cet exercice, j&#8217;ai d\u00e9fini 23 points sur le territoire \u00e0 des endroits cl\u00e9s (angles de b\u00e2timent, croisements, coins). Le but \u00e9tant de marcher d&#8217;un point \u00e0 un autre en choisissant al\u00e9atoirement le point suivant. Le parcours commence au point n.\u00ba1, passe par 10 points et termine \u00e0 nouveau au point n.\u00ba1. Le r\u00e9sultat de chaque parcours a ensuite \u00e9t\u00e9 mat\u00e9rialis\u00e9 en bois coup\u00e9 au laser avec l&#8217;aide du Fablab local au D\u00f4me. Ils ont ensuite \u00e9t\u00e9 peints et expos\u00e9s au Pavillon. J&#8217;ai personnellement trac\u00e9 11 parcours et 6 ont \u00e9t\u00e9 trac\u00e9s par les participants d&#8217;un atelier au Fablab. Chaque sculpture repr\u00e9sente un trajet de 30 \u00e0 40 minutes sur une distance de 2 \u00e0 3 km.<\/p>\n<p>ngg_shortcode_1_placeholder<\/p>","protected":false},"excerpt":{"rendered":"<p>Festival Palma Le Pavillon, Caen, France Mars 2018 www.palmafestival.com R\u00e9sidence de 15 jours au Pavillon sur la pointe de la presqu&#8217;\u00eele de Caen. Tourbillons : Un jour, en traversant le barrage de l&#8217;Orne (un pont barrage construit en 1908 qui sert \u00e0 r\u00e9guler la mar\u00e9e), j&#8217;ai r\u00e9alis\u00e9 que devant chaque porte, du c\u00f4t\u00e9 aval, l&#8217;eau &hellip; <a href=\"https:\/\/www.eltono.com\/fr\/exhibitions\/solo\/palma-festival\/\" class=\"more-link\">Continue reading <span class=\"screen-reader-text\">R\u00e9sidence Palma<\/span><\/a><\/p>\n","protected":false},"author":1,"featured_media":19264,"parent":13432,"menu_order":0,"comment_status":"closed","ping_status":"closed","template":"","meta":{"ngg_post_thumbnail":0,"jetpack_post_was_ever_published":false,"footnotes":""},"categories":[308,5,261,267,266,264],"tags":[],"class_list":["post-18789","page","type-page","status-publish","has-post-thumbnail","hentry","category-308","category-interventions","category-page_expo","category-page_festival","category-page_outdoor","category-page_solo_show"],"jetpack_sharing_enabled":true,"jetpack_shortlink":"https:\/\/wp.me\/P7sWFx-4T3","_links":{"self":[{"href":"https:\/\/www.eltono.com\/fr\/wp-json\/wp\/v2\/pages\/18789","targetHints":{"allow":["GET"]}}],"collection":[{"href":"https:\/\/www.eltono.com\/fr\/wp-json\/wp\/v2\/pages"}],"about":[{"href":"https:\/\/www.eltono.com\/fr\/wp-json\/wp\/v2\/types\/page"}],"author":[{"embeddable":true,"href":"https:\/\/www.eltono.com\/fr\/wp-json\/wp\/v2\/users\/1"}],"replies":[{"embeddable":true,"href":"https:\/\/www.eltono.com\/fr\/wp-json\/wp\/v2\/comments?post=18789"}],"version-history":[{"count":49,"href":"https:\/\/www.eltono.com\/fr\/wp-json\/wp\/v2\/pages\/18789\/revisions"}],"predecessor-version":[{"id":21289,"href":"https:\/\/www.eltono.com\/fr\/wp-json\/wp\/v2\/pages\/18789\/revisions\/21289"}],"up":[{"embeddable":true,"href":"https:\/\/www.eltono.com\/fr\/wp-json\/wp\/v2\/pages\/13432"}],"wp:featuredmedia":[{"embeddable":true,"href":"https:\/\/www.eltono.com\/fr\/wp-json\/wp\/v2\/media\/19264"}],"wp:attachment":[{"href":"https:\/\/www.eltono.com\/fr\/wp-json\/wp\/v2\/media?parent=18789"}],"wp:term":[{"taxonomy":"category","embeddable":true,"href":"https:\/\/www.eltono.com\/fr\/wp-json\/wp\/v2\/categories?post=18789"},{"taxonomy":"post_tag","embeddable":true,"href":"https:\/\/www.eltono.com\/fr\/wp-json\/wp\/v2\/tags?post=18789"}],"curies":[{"name":"wp","href":"https:\/\/api.w.org\/{rel}","templated":true}]}}